{"id":22,"date":"2023-12-21T00:23:58","date_gmt":"2023-12-20T23:23:58","guid":{"rendered":"https:\/\/labananemusicale.fr\/?page_id=22"},"modified":"2025-10-19T14:42:19","modified_gmt":"2025-10-19T12:42:19","slug":"les-artistes","status":"publish","type":"page","link":"https:\/\/labananemusicale.fr\/index.php\/les-artistes\/","title":{"rendered":"Les artistes"},"content":{"rendered":"\n<div class=\"container section-title-container\" ><h3 class=\"section-title section-title-center\"><b><\/b><span class=\"section-title-main\" >Notre \u00e9quipe pour les cours \u00e9tudiants<\/span><b><\/b><\/h3><\/div>\n\n\t<section class=\"section dark\" id=\"section_1763712496\">\n\t\t<div class=\"bg section-bg fill bg-fill  \" >\n\n\t\t\t\n\t\t\t<div class=\"section-bg-overlay absolute fill\"><\/div>\n\t\t\t\n\n\t\t<\/div>\n\n\t\t\n\n\t\t<div class=\"section-content relative\">\n\t\t\t\n\n<div class=\"slider-wrapper relative\" id=\"slider-615455111\" >\n    <div class=\"slider slider-nav-circle slider-nav-large slider-nav-light slider-style-normal\"\n        data-flickity-options='{\n            \"cellAlign\": \"center\",\n            \"imagesLoaded\": true,\n            \"lazyLoad\": 1,\n            \"freeScroll\": false,\n            \"wrapAround\": true,\n            \"autoPlay\": 6000,\n            \"pauseAutoPlayOnHover\" : true,\n            \"prevNextButtons\": true,\n            \"contain\" : true,\n            \"adaptiveHeight\" : true,\n            \"dragThreshold\" : 10,\n            \"percentPosition\": true,\n            \"pageDots\": true,\n            \"rightToLeft\": false,\n            \"draggable\": true,\n            \"selectedAttraction\": 0.1,\n            \"parallax\" : 9,\n            \"friction\": 0.6        }'\n        >\n        \n\n\n     <\/div>\n\n     <div class=\"loading-spin dark large centered\"><\/div>\n\n     \t<\/div>\n\n\n<div class=\"row row-collapse row-full-width align-middle\"  id=\"row-1524358990\">\n\n\n\t<div id=\"col-1143735185\" class=\"col medium-6 small-12 large-6\"  >\n\t\t\t\t<div class=\"col-inner\"  >\n\t\t\t\n\t\t\t\n\n\t<div class=\"img has-hover x md-x lg-x y md-y lg-y\" id=\"image_1454126204\">\n\t\t\t\t\t\t\t\t<div class=\"img-inner image-cover dark\" style=\"padding-top:100%;margin:20px 0px 20px 0px;\">\n\t\t\t<img loading=\"lazy\" decoding=\"async\" width=\"819\" height=\"1024\" src=\"https:\/\/labananemusicale.fr\/wp-content\/uploads\/2025\/08\/4-banane-819x1024.jpg\" class=\"attachment-large size-large\" alt=\"\" srcset=\"https:\/\/labananemusicale.fr\/wp-content\/uploads\/2025\/08\/4-banane-819x1024.jpg 819w, https:\/\/labananemusicale.fr\/wp-content\/uploads\/2025\/08\/4-banane-240x300.jpg 240w, https:\/\/labananemusicale.fr\/wp-content\/uploads\/2025\/08\/4-banane-768x960.jpg 768w, https:\/\/labananemusicale.fr\/wp-content\/uploads\/2025\/08\/4-banane.jpg 1024w\" sizes=\"auto, (max-width: 819px) 100vw, 819px\" \/>\t\t\t\t\t\t\n\t\t\t\t\t<\/div>\n\t\t\t\t\t\t\t\t\n<style>\n#image_1454126204 {\n  width: 50%;\n}\n<\/style>\n\t<\/div>\n\t\n\n\n\t\t<\/div>\n\t\t\t\t\t<\/div>\n\n\t\n\n\t<div id=\"col-532954745\" class=\"col medium-6 small-12 large-6\"  >\n\t\t\t\t<div class=\"col-inner text-left\"  >\n\t\t\t\n\t\t\t\n\n<h2>MATHILDE<\/h2>\n<p>Elle est la cheffe du projet de la Mini Banane et organise les spectacles \u00e0 venir. Elle s&rsquo;occupe de la mise en sc\u00e8ne globale de la cr\u00e9ation artistique, ainsi que des auditions (qui se font plus tard dans l&rsquo;ann\u00e9e).<\/p>\n\n\t\t<\/div>\n\t\t\t\t\n<style>\n#col-532954745 > .col-inner {\n  padding: 5% 5% 5% 5%;\n  max-width: 520px;\n}\n<\/style>\n\t<\/div>\n\n\t\n\n<\/div>\n<div class=\"row row-collapse row-full-width align-middle\"  id=\"row-179114524\">\n\n\n\t<div id=\"col-602061542\" class=\"col medium-6 small-12 large-6\"  >\n\t\t\t\t<div class=\"col-inner\"  >\n\t\t\t\n\t\t\t\n\n\t<div class=\"img has-hover x md-x lg-x y md-y lg-y\" id=\"image_411937691\">\n\t\t\t\t\t\t\t\t<div class=\"img-inner image-cover dark\" style=\"padding-top:100%;margin:20px 0px 20px 0px;\">\n\t\t\t<img loading=\"lazy\" decoding=\"async\" width=\"819\" height=\"1024\" src=\"https:\/\/labananemusicale.fr\/wp-content\/uploads\/2025\/08\/5-banane-819x1024.jpg\" class=\"attachment-large size-large\" alt=\"\" srcset=\"https:\/\/labananemusicale.fr\/wp-content\/uploads\/2025\/08\/5-banane-819x1024.jpg 819w, https:\/\/labananemusicale.fr\/wp-content\/uploads\/2025\/08\/5-banane-240x300.jpg 240w, https:\/\/labananemusicale.fr\/wp-content\/uploads\/2025\/08\/5-banane-768x960.jpg 768w, https:\/\/labananemusicale.fr\/wp-content\/uploads\/2025\/08\/5-banane.jpg 1024w\" sizes=\"auto, (max-width: 819px) 100vw, 819px\" \/>\t\t\t\t\t\t\n\t\t\t\t\t<\/div>\n\t\t\t\t\t\t\t\t\n<style>\n#image_411937691 {\n  width: 50%;\n}\n<\/style>\n\t<\/div>\n\t\n\n\n\t\t<\/div>\n\t\t\t\t\t<\/div>\n\n\t\n\n\t<div id=\"col-1790688214\" class=\"col medium-6 small-12 large-6\"  >\n\t\t\t\t<div class=\"col-inner text-left\"  >\n\t\t\t\n\t\t\t\n\n<h2>LOUIS<\/h2>\n<p>Membre pr\u00e9sent depuis le d\u00e9but de l&rsquo;association, il s&rsquo;occupe principalement des arrangements musicaux n\u00e9cessaire pour la pi\u00e8ce. Mais il est \u00e9galement une aide cruciale pour la mise en sc\u00e8ne.<\/p>\n\n\t\t<\/div>\n\t\t\t\t\n<style>\n#col-1790688214 > .col-inner {\n  padding: 5% 5% 5% 5%;\n  max-width: 520px;\n}\n<\/style>\n\t<\/div>\n\n\t\n\n<\/div>\n<div class=\"row row-collapse row-full-width align-middle\"  id=\"row-1913824405\">\n\n\n\t<div id=\"col-781202534\" class=\"col medium-6 small-12 large-6\"  >\n\t\t\t\t<div class=\"col-inner\"  >\n\t\t\t\n\t\t\t\n\n\t<div class=\"img has-hover x md-x lg-x y md-y lg-y\" id=\"image_1806407047\">\n\t\t\t\t\t\t\t\t<div class=\"img-inner image-cover dark\" style=\"padding-top:100%;margin:20px 0px 20px 0px;\">\n\t\t\t<img loading=\"lazy\" decoding=\"async\" width=\"819\" height=\"1024\" src=\"https:\/\/labananemusicale.fr\/wp-content\/uploads\/2025\/08\/8-banane-819x1024.jpg\" class=\"attachment-large size-large\" alt=\"\" srcset=\"https:\/\/labananemusicale.fr\/wp-content\/uploads\/2025\/08\/8-banane-819x1024.jpg 819w, https:\/\/labananemusicale.fr\/wp-content\/uploads\/2025\/08\/8-banane-240x300.jpg 240w, https:\/\/labananemusicale.fr\/wp-content\/uploads\/2025\/08\/8-banane-768x960.jpg 768w, https:\/\/labananemusicale.fr\/wp-content\/uploads\/2025\/08\/8-banane.jpg 1024w\" sizes=\"auto, (max-width: 819px) 100vw, 819px\" \/>\t\t\t\t\t\t\n\t\t\t\t\t<\/div>\n\t\t\t\t\t\t\t\t\n<style>\n#image_1806407047 {\n  width: 50%;\n}\n<\/style>\n\t<\/div>\n\t\n\n\n\t\t<\/div>\n\t\t\t\t\t<\/div>\n\n\t\n\n\t<div id=\"col-279982692\" class=\"col medium-6 small-12 large-6\"  >\n\t\t\t\t<div class=\"col-inner text-left\"  >\n\t\t\t\n\t\t\t\n\n<h2>ALEXANE<\/h2>\n<p>\u00c9galement de mani\u00e8re ponctuelle, elle vous propose des cours de chant et de th\u00e9\u00e2tre : \u00e9l\u00e9ments principaux pour un spectacle de com\u00e9die musicale !<\/p>\n\n\t\t<\/div>\n\t\t\t\t\n<style>\n#col-279982692 > .col-inner {\n  padding: 5% 5% 5% 5%;\n  max-width: 520px;\n}\n<\/style>\n\t<\/div>\n\n\t\n\n<\/div>\n<div class=\"row row-collapse row-full-width align-middle\"  id=\"row-74964513\">\n\n\n\t<div id=\"col-1114801310\" class=\"col medium-6 small-12 large-6\"  >\n\t\t\t\t<div class=\"col-inner\"  >\n\t\t\t\n\t\t\t\n\n\t<div class=\"img has-hover x md-x lg-x y md-y lg-y\" id=\"image_1423144943\">\n\t\t\t\t\t\t\t\t<div class=\"img-inner image-cover dark\" style=\"padding-top:100%;margin:20px 0px 20px 0px;\">\n\t\t\t<img loading=\"lazy\" decoding=\"async\" width=\"819\" height=\"1024\" src=\"https:\/\/labananemusicale.fr\/wp-content\/uploads\/2025\/08\/6-banane-819x1024.jpg\" class=\"attachment-large size-large\" alt=\"\" srcset=\"https:\/\/labananemusicale.fr\/wp-content\/uploads\/2025\/08\/6-banane-819x1024.jpg 819w, https:\/\/labananemusicale.fr\/wp-content\/uploads\/2025\/08\/6-banane-240x300.jpg 240w, https:\/\/labananemusicale.fr\/wp-content\/uploads\/2025\/08\/6-banane-768x960.jpg 768w, https:\/\/labananemusicale.fr\/wp-content\/uploads\/2025\/08\/6-banane.jpg 1024w\" sizes=\"auto, (max-width: 819px) 100vw, 819px\" \/>\t\t\t\t\t\t\n\t\t\t\t\t<\/div>\n\t\t\t\t\t\t\t\t\n<style>\n#image_1423144943 {\n  width: 50%;\n}\n<\/style>\n\t<\/div>\n\t\n\n\n\t\t<\/div>\n\t\t\t\t\t<\/div>\n\n\t\n\n\t<div id=\"col-762574596\" class=\"col medium-6 small-12 large-6\"  >\n\t\t\t\t<div class=\"col-inner text-left\"  >\n\t\t\t\n\t\t\t\n\n<h2>ANGIE<\/h2>\n<p>Chor\u00e9graphe importante de l&rsquo;association, elle m\u00e8ne \u00e0 bien les cours de danse pour les \u00e9tudiant.e.s. Vous pouvez retrouvez son travail chor\u00e9graphi\u00e9 sur notre cha\u00eene YouTube.<\/p>\n\n\t\t<\/div>\n\t\t\t\t\n<style>\n#col-762574596 > .col-inner {\n  padding: 5% 5% 5% 5%;\n  max-width: 520px;\n}\n<\/style>\n\t<\/div>\n\n\t\n\n<\/div>\n<div class=\"row row-collapse row-full-width align-middle\"  id=\"row-1232312651\">\n\n\n\t<div id=\"col-697396130\" class=\"col medium-6 small-12 large-6\"  >\n\t\t\t\t<div class=\"col-inner\"  >\n\t\t\t\n\t\t\t\n\n\t<div class=\"img has-hover x md-x lg-x y md-y lg-y\" id=\"image_1896957074\">\n\t\t\t\t\t\t\t\t<div class=\"img-inner image-cover dark\" style=\"padding-top:100%;margin:20px 0px 20px 0px;\">\n\t\t\t<img loading=\"lazy\" decoding=\"async\" width=\"819\" height=\"1024\" src=\"https:\/\/labananemusicale.fr\/wp-content\/uploads\/2025\/08\/7-banane-819x1024.jpg\" class=\"attachment-large size-large\" alt=\"\" srcset=\"https:\/\/labananemusicale.fr\/wp-content\/uploads\/2025\/08\/7-banane-819x1024.jpg 819w, https:\/\/labananemusicale.fr\/wp-content\/uploads\/2025\/08\/7-banane-240x300.jpg 240w, https:\/\/labananemusicale.fr\/wp-content\/uploads\/2025\/08\/7-banane-768x960.jpg 768w, https:\/\/labananemusicale.fr\/wp-content\/uploads\/2025\/08\/7-banane.jpg 1024w\" sizes=\"auto, (max-width: 819px) 100vw, 819px\" \/>\t\t\t\t\t\t\n\t\t\t\t\t<\/div>\n\t\t\t\t\t\t\t\t\n<style>\n#image_1896957074 {\n  width: 50%;\n}\n<\/style>\n\t<\/div>\n\t\n\n\n\t\t<\/div>\n\t\t\t\t\t<\/div>\n\n\t\n\n\t<div id=\"col-1345631664\" class=\"col medium-6 small-12 large-6\"  >\n\t\t\t\t<div class=\"col-inner text-left\"  >\n\t\t\t\n\t\t\t\n\n<h2>CORANE<\/h2>\n<p>Elle vous propose des exercices qui soudent les participants, permettant une coh\u00e9sion d&rsquo;\u00e9quipe qui est important lors d&rsquo;une cr\u00e9ation artistique. Elle reprend \u00e9galement la communication Instagram de la Mini Banane, ainsi que les cours de chants de mani\u00e8re ponctuelle.<\/p>\n\n\t\t<\/div>\n\t\t\t\t\n<style>\n#col-1345631664 > .col-inner {\n  padding: 5% 5% 5% 5%;\n  max-width: 520px;\n}\n<\/style>\n\t<\/div>\n\n\t\n\n<\/div>\n\n\t\t<\/div>\n\n\t\t\n<style>\n#section_1763712496 {\n  padding-top: 0px;\n  padding-bottom: 0px;\n}\n#section_1763712496 .section-bg-overlay {\n  background-color: rgba(0, 0, 0, 0.73);\n}\n#section_1763712496 .section-bg.bg-loaded {\n  background-image: url(https:\/\/labananemusicale.fr\/wp-content\/uploads\/2025\/08\/3-banane.jpg);\n}\n#section_1763712496 .ux-shape-divider--top svg {\n  height: 150px;\n  --divider-top-width: 100%;\n}\n#section_1763712496 .ux-shape-divider--bottom svg {\n  height: 150px;\n  --divider-width: 100%;\n}\n<\/style>\n\t<\/section>\n\t\n\n","protected":false},"excerpt":{"rendered":"","protected":false},"author":1,"featured_media":0,"parent":0,"menu_order":0,"comment_status":"closed","ping_status":"closed","template":"","meta":{"_monsterinsights_skip_tracking":false,"_monsterinsights_sitenote_active":false,"_monsterinsights_sitenote_note":"","_monsterinsights_sitenote_category":0,"footnotes":""},"class_list":["post-22","page","type-page","status-publish","hentry"],"aioseo_notices":[],"_links":{"self":[{"href":"https:\/\/labananemusicale.fr\/index.php\/wp-json\/wp\/v2\/pages\/22","targetHints":{"allow":["GET"]}}],"collection":[{"href":"https:\/\/labananemusicale.fr\/index.php\/wp-json\/wp\/v2\/pages"}],"about":[{"href":"https:\/\/labananemusicale.fr\/index.php\/wp-json\/wp\/v2\/types\/page"}],"author":[{"embeddable":true,"href":"https:\/\/labananemusicale.fr\/index.php\/wp-json\/wp\/v2\/users\/1"}],"replies":[{"embeddable":true,"href":"https:\/\/labananemusicale.fr\/index.php\/wp-json\/wp\/v2\/comments?post=22"}],"version-history":[{"count":16,"href":"https:\/\/labananemusicale.fr\/index.php\/wp-json\/wp\/v2\/pages\/22\/revisions"}],"predecessor-version":[{"id":449,"href":"https:\/\/labananemusicale.fr\/index.php\/wp-json\/wp\/v2\/pages\/22\/revisions\/449"}],"wp:attachment":[{"href":"https:\/\/labananemusicale.fr\/index.php\/wp-json\/wp\/v2\/media?parent=22"}],"curies":[{"name":"wp","href":"https:\/\/api.w.org\/{rel}","templated":true}]}}