{"id":17,"date":"2023-12-21T00:20:32","date_gmt":"2023-12-20T23:20:32","guid":{"rendered":"https:\/\/labananemusicale.fr\/?page_id=17"},"modified":"2025-08-27T11:57:08","modified_gmt":"2025-08-27T09:57:08","slug":"lassociation","status":"publish","type":"page","link":"https:\/\/labananemusicale.fr\/index.php\/lassociation\/","title":{"rendered":"Qui sommes-nous ?"},"content":{"rendered":"\n<div class=\"container section-title-container\" ><h1 class=\"section-title section-title-center\"><b><\/b><span class=\"section-title-main\" >Qui sommes-nous ?<\/span><b><\/b><\/h1><\/div>\n\n\t<section class=\"section\" id=\"section_1670450971\">\n\t\t<div class=\"bg section-bg fill bg-fill  bg-loaded\" >\n\n\t\t\t\n\t\t\t\n\t\t\t\n\n\t\t<\/div>\n\n\t\t\n\n\t\t<div class=\"section-content relative\">\n\t\t\t\n\n<div class=\"row row-small align-middle align-center\" style=\"max-width:1300px\" id=\"row-1539852792\">\n\n\n\t<div id=\"col-1411623083\" class=\"col medium-5 small-12 large-5\"  data-animate=\"bounceInLeft\">\n\t\t\t\t<div class=\"col-inner\"  >\n\t\t\t\n\t\t\t\n\n\n  <div class=\"banner has-hover\" id=\"banner-1993301994\">\n          <div class=\"banner-inner fill\">\n        <div class=\"banner-bg fill\" >\n            <div class=\"bg fill bg-fill \"><\/div>\n                        <div class=\"overlay\"><\/div>            \n                    <\/div>\n\t\t\n        <div class=\"banner-layers container\">\n            <div class=\"fill banner-link\"><\/div>            \n\n   <div id=\"text-box-1033704643\" class=\"text-box banner-layer x50 md-x50 lg-x50 y50 md-y50 lg-y50 res-text\">\n                                <div class=\"text-box-content text dark\">\n              \n              <div class=\"text-inner text-center\">\n                  \n\n\n              <\/div>\n           <\/div>\n                            \n<style>\n#text-box-1033704643 {\n  width: 60%;\n}\n#text-box-1033704643 .text-box-content {\n  font-size: 100%;\n}\n<\/style>\n    <\/div>\n \n\n        <\/div>\n      <\/div>\n\n            \n<style>\n#banner-1993301994 {\n  padding-top: 300px;\n}\n#banner-1993301994 .bg.bg-loaded {\n  background-image: url(https:\/\/labananemusicale.fr\/wp-content\/uploads\/2024\/01\/20221007_191544-1024x768.jpg);\n}\n#banner-1993301994 .overlay {\n  background-color: rgba(220, 164, 2, 0.192);\n}\n#banner-1993301994 .bg {\n  background-position: 65% 69%;\n}\n#banner-1993301994 .ux-shape-divider--top svg {\n  height: 150px;\n  --divider-top-width: 100%;\n}\n#banner-1993301994 .ux-shape-divider--bottom svg {\n  height: 150px;\n  --divider-width: 100%;\n}\n<\/style>\n  <\/div>\n\n\n\n\t\t<\/div>\n\t\t\t\t\t<\/div>\n\n\t\n\n\t<div id=\"col-817037939\" class=\"col medium-12 small-12 large-5\"  data-animate=\"fadeInLeft\">\n\t\t\t\t<div class=\"col-inner\"  >\n\t\t\t\n\t\t\t\n\n\t<div id=\"text-228059147\" class=\"text\">\n\t\t\n\n<p style=\"text-align: justify;\">L&rsquo;association Compagnie La Banane Musicale est une association \u00e0 but non lucratif fond\u00e9e en 2020 \u00e0 Nice dans le but de proposer une formation de com\u00e9die musicale et d&rsquo;enrichir la programmation culturelle des villes dans lesquelles nous jouons. Initialement pour les \u00e9tudiants, cette formation s&rsquo;ouvre dor\u00e9navant aux jeunes talents ni\u00e7ois gr\u00e2ce \u00e0 la cr\u00e9ation de 2 troupes distincts : une troupe \u00e9tudiante et une troupe semi-pro.<\/p>\n\t\t\n<style>\n#text-228059147 {\n  text-align: left;\n}\n<\/style>\n\t<\/div>\n\t\n\n\t\t<\/div>\n\t\t\t\t\n<style>\n#col-817037939 > .col-inner {\n  padding: 0px 0px 0px 0;\n  margin: -66px 0px 0px 0px;\n}\n@media (min-width:850px) {\n  #col-817037939 > .col-inner {\n    padding: 0px 0px 0px 0px;\n    margin: 0 0px 0px 0px;\n  }\n}\n<\/style>\n\t<\/div>\n\n\t\n\n\t<div id=\"col-1694743552\" class=\"col medium-2 small-12 large-2\"  data-animate=\"bounceInLeft\">\n\t\t\t\t<div class=\"col-inner\"  >\n\t\t\t\n\t\t\t\n\n\n  <div class=\"banner has-hover\" id=\"banner-699523444\">\n          <div class=\"banner-inner fill\">\n        <div class=\"banner-bg fill\" >\n            <div class=\"bg fill bg-fill \"><\/div>\n                        <div class=\"overlay\"><\/div>            \n                    <\/div>\n\t\t\n        <div class=\"banner-layers container\">\n            <div class=\"fill banner-link\"><\/div>            \n\n   <div id=\"text-box-1668068446\" class=\"text-box banner-layer x50 md-x50 lg-x50 y50 md-y50 lg-y50 res-text\">\n                                <div class=\"text-box-content text dark\">\n              \n              <div class=\"text-inner text-center\">\n                  \n\n\n              <\/div>\n           <\/div>\n                            \n<style>\n#text-box-1668068446 {\n  width: 60%;\n}\n#text-box-1668068446 .text-box-content {\n  font-size: 100%;\n}\n<\/style>\n    <\/div>\n \n\n        <\/div>\n      <\/div>\n\n            \n<style>\n#banner-699523444 {\n  padding-top: 300px;\n}\n#banner-699523444 .bg.bg-loaded {\n  background-image: url(https:\/\/labananemusicale.fr\/wp-content\/uploads\/2024\/01\/20220510_145129-768x1024.jpg);\n}\n#banner-699523444 .overlay {\n  background-color: rgba(249, 168, 0, 0.285);\n}\n#banner-699523444 .bg {\n  background-position: 53% 62%;\n}\n#banner-699523444 .ux-shape-divider--top svg {\n  height: 150px;\n  --divider-top-width: 100%;\n}\n#banner-699523444 .ux-shape-divider--bottom svg {\n  height: 150px;\n  --divider-width: 100%;\n}\n<\/style>\n  <\/div>\n\n\n\n\t\t<\/div>\n\t\t\t\t\t<\/div>\n\n\t\n\n<\/div>\n\t<div id=\"gap-893793933\" class=\"gap-element clearfix\" style=\"display:block; height:auto;\">\n\t\t\n<style>\n#gap-893793933 {\n  padding-top: 10px;\n}\n@media (min-width:550px) {\n  #gap-893793933 {\n    padding-top: 30px;\n  }\n}\n<\/style>\n\t<\/div>\n\t\n\n\n\t\t<\/div>\n\n\t\t\n<style>\n#section_1670450971 {\n  padding-top: 0px;\n  padding-bottom: 0px;\n}\n#section_1670450971 .ux-shape-divider--top svg {\n  height: 150px;\n  --divider-top-width: 100%;\n}\n#section_1670450971 .ux-shape-divider--bottom svg {\n  height: 150px;\n  --divider-width: 100%;\n}\n<\/style>\n\t<\/section>\n\t\n\t<section class=\"section dark\" id=\"section_828779809\">\n\t\t<div class=\"bg section-bg fill bg-fill  bg-loaded\" >\n\n\t\t\t\n\t\t\t\n\t\t\t\n\n\t\t<\/div>\n\n\t\t\n\n\t\t<div class=\"section-content relative\">\n\t\t\t\n\n\t<div id=\"gap-736868073\" class=\"gap-element clearfix\" style=\"display:block; height:auto;\">\n\t\t\n<style>\n#gap-736868073 {\n  padding-top: 50px;\n}\n@media (min-width:850px) {\n  #gap-736868073 {\n    padding-top: 30px;\n  }\n}\n<\/style>\n\t<\/div>\n\t\n\n<div class=\"row align-middle\" style=\"max-width:1300px\" id=\"row-1285246048\">\n\n\n\t<div id=\"col-157221491\" class=\"col medium-10 small-12 large-4\"  data-animate=\"bounceInRight\">\n\t\t\t\t<div class=\"col-inner text-center\"  >\n\t\t\t\n\t\t\t\n\n<p style=\"text-align: justify;\">Nous offrons \u00e0 nos artistes un espace o\u00f9 ils peuvent s&rsquo;\u00e9panouir artistiquement, acqu\u00e9rir de la connaissance, de l&rsquo;exp\u00e9rience et apprendre le nouveau spectacle en pr\u00e9paration. De plus nous veillons \u00e0 rendre l&rsquo;art accessible \u00e0 tous en proposant notre formation \u00e0 seulement 50e par an (adh\u00e9sion \u00e0 l&rsquo;association).<\/p>\n\n\t\t<\/div>\n\t\t\t\t\n<style>\n#col-157221491 > .col-inner {\n  padding: 0px 0px 0px 0px;\n}\n<\/style>\n\t<\/div>\n\n\t\n\n\t<div id=\"col-779283869\" class=\"col medium-12 small-12 large-8 medium-col-first\"  data-animate=\"bounceInRight\">\n\t\t\t\t<div class=\"col-inner\"  >\n\t\t\t\n\t\t\t\n\n\n  <div class=\"banner has-hover bg-zoom-fade\" id=\"banner-988462563\">\n          <div class=\"banner-inner fill\">\n        <div class=\"banner-bg fill\" >\n            <div class=\"bg fill bg-fill \"><\/div>\n                        <div class=\"overlay\"><\/div>            \n                    <\/div>\n\t\t\n        <div class=\"banner-layers container\">\n            <div class=\"fill banner-link\"><\/div>            \n\n\n        <\/div>\n      <\/div>\n\n            \n<style>\n#banner-988462563 {\n  padding-top: 300px;\n  background-color: rgba(254, 171, 0, 0.669);\n}\n#banner-988462563 .bg.bg-loaded {\n  background-image: url(https:\/\/labananemusicale.fr\/wp-content\/uploads\/2024\/01\/IMG_3828-scaled.jpg);\n}\n#banner-988462563 .overlay {\n  background-color: rgba(193, 168, 0, 0.145);\n}\n#banner-988462563 .bg {\n  background-position: 66% 41%;\n}\n#banner-988462563 .ux-shape-divider--top svg {\n  height: 150px;\n  --divider-top-width: 100%;\n}\n#banner-988462563 .ux-shape-divider--bottom svg {\n  height: 150px;\n  --divider-width: 100%;\n}\n@media (min-width:550px) {\n  #banner-988462563 {\n    padding-top: 250px;\n  }\n}\n<\/style>\n  <\/div>\n\n\n\n\t\t<\/div>\n\t\t\t\t\t<\/div>\n\n\t\n\n<\/div>\n\n\t\t<\/div>\n\n\t\t\n<style>\n#section_828779809 {\n  padding-top: 50px;\n  padding-bottom: 50px;\n  background-color: rgb(64, 49, 0);\n}\n#section_828779809 .ux-shape-divider--top svg {\n  height: 150px;\n  --divider-top-width: 100%;\n}\n#section_828779809 .ux-shape-divider--bottom svg {\n  height: 150px;\n  --divider-width: 100%;\n}\n@media (min-width:850px) {\n  #section_828779809 {\n    padding-top: 0px;\n    padding-bottom: 0px;\n  }\n}\n<\/style>\n\t<\/section>\n\t\n\t<section class=\"section\" id=\"section_818064410\">\n\t\t<div class=\"bg section-bg fill bg-fill  bg-loaded\" >\n\n\t\t\t\n\t\t\t\n\t\t\t\n\n\t\t<\/div>\n\n\t\t\n\n\t\t<div class=\"section-content relative\">\n\t\t\t\n\n<div class=\"row align-middle\" style=\"max-width:1300px\" id=\"row-1098225492\">\n\n\n\t<div id=\"col-1226315483\" class=\"col medium-12 small-12 large-4\"  data-animate=\"bounceInLeft\">\n\t\t\t\t<div class=\"col-inner\"  >\n\t\t\t\n\t\t\t\n\n\t<div id=\"text-739466839\" class=\"text\">\n\t\t\n\n<h2>Une \u00e9quipe<br \/>\nD\u00e9vou\u00e9e<\/h2>\n\t\t\n<style>\n#text-739466839 {\n  font-size: 2rem;\n}\n<\/style>\n\t<\/div>\n\t\n\n\t\t<\/div>\n\t\t\t\t\t<\/div>\n\n\t\n\n\t<div id=\"col-1671383569\" class=\"col medium-12 small-12 large-8\"  data-animate=\"bounceInLeft\">\n\t\t\t\t<div class=\"col-inner\"  >\n\t\t\t\n\t\t\t\n\n<p style=\"text-align: justify;\">L&rsquo;association est g\u00e9r\u00e9e depuis sa cr\u00e9ation par une \u00e9quipe professionnelle b\u00e9n\u00e9vole compl\u00e8tement passionn\u00e9e. Elle est compos\u00e9e d&rsquo;une pr\u00e9sidente et d&rsquo;un tr\u00e9sorier, mais aussi d&rsquo;un directeur, de chor\u00e9graphes, metteuse en sc\u00e8ne, sc\u00e9nariste, r\u00e9alisateur, etc. Un melting pot de comp\u00e9tence au service de l&rsquo;art.<\/p>\n\n\t\t<\/div>\n\t\t\t\t\t<\/div>\n\n\t\n\n<\/div>\n\n\t\t<\/div>\n\n\t\t\n<style>\n#section_818064410 {\n  padding-top: 45px;\n  padding-bottom: 45px;\n}\n#section_818064410 .ux-shape-divider--top svg {\n  height: 150px;\n  --divider-top-width: 100%;\n}\n#section_818064410 .ux-shape-divider--bottom svg {\n  height: 150px;\n  --divider-width: 100%;\n}\n@media (min-width:850px) {\n  #section_818064410 {\n    padding-top: 30px;\n    padding-bottom: 30px;\n  }\n}\n<\/style>\n\t<\/section>\n\t\n\t<section class=\"section\" id=\"section_1551482304\">\n\t\t<div class=\"bg section-bg fill bg-fill  bg-loaded\" >\n\n\t\t\t\n\t\t\t\n\t\t\t\n\n\t\t<\/div>\n\n\t\t\n\n\t\t<div class=\"section-content relative\">\n\t\t\t\n\n<div class=\"row\"  id=\"row-1594843942\">\n\n\n\t<div id=\"col-271950388\" class=\"col small-12 large-12\"  >\n\t\t\t\t<div class=\"col-inner\"  >\n\t\t\t\n\t\t\t\n\n\t<div id=\"gap-1030579749\" class=\"gap-element clearfix\" style=\"display:block; height:auto;\">\n\t\t\n<style>\n#gap-1030579749 {\n  padding-top: 30px;\n}\n<\/style>\n\t<\/div>\n\t\n\n<div class=\"container section-title-container\" ><h1 class=\"section-title section-title-center\"><b><\/b><span class=\"section-title-main\" style=\"font-size:120%;color:rgb(252, 252, 252);\"><i class=\"icon-angle-down\" ><\/i>L'\u00e9quipe<\/span><b><\/b><\/h1><\/div>\n\n<div class=\"slider-wrapper relative\" id=\"slider-1224215223\" >\n    <div class=\"slider slider-nav-dots-simple slider-nav-simple slider-nav-normal slider-nav-light slider-nav-outside slider-style-normal slider-show-nav\"\n        data-flickity-options='{\n            \"cellAlign\": \"center\",\n            \"imagesLoaded\": true,\n            \"lazyLoad\": 1,\n            \"freeScroll\": false,\n            \"wrapAround\": true,\n            \"autoPlay\": 6000,\n            \"pauseAutoPlayOnHover\" : true,\n            \"prevNextButtons\": true,\n            \"contain\" : true,\n            \"adaptiveHeight\" : true,\n            \"dragThreshold\" : 10,\n            \"percentPosition\": true,\n            \"pageDots\": true,\n            \"rightToLeft\": false,\n            \"draggable\": true,\n            \"selectedAttraction\": 0.1,\n            \"parallax\" : 0,\n            \"friction\": 0.6        }'\n        >\n        \n\n<div class=\"row\"  id=\"row-92408472\">\n\n\n\t<div id=\"col-779126991\" class=\"col small-12 large-12\"  >\n\t\t\t\t<div class=\"col-inner\"  >\n\t\t\t\n\t\t\t\n\n<div class=\"row row-collapse align-middle\"  id=\"row-2027567846\">\n\n\n\t<div id=\"col-407438557\" class=\"col medium-12 small-12 large-6\"  >\n\t\t\t\t<div class=\"col-inner\"  >\n\t\t\t\n\t\t\t\n\n\n  <div class=\"banner has-hover\" id=\"banner-709761835\">\n          <div class=\"banner-inner fill\">\n        <div class=\"banner-bg fill\" >\n            <div class=\"bg fill bg-fill \"><\/div>\n                                    \n                    <\/div>\n\t\t\n        <div class=\"banner-layers container\">\n            <div class=\"fill banner-link\"><\/div>            \n\n\n        <\/div>\n      <\/div>\n\n            \n<style>\n#banner-709761835 {\n  padding-top: 200px;\n  background-color: rgba(255, 255, 255, 0);\n}\n#banner-709761835 .bg.bg-loaded {\n  background-image: url(https:\/\/labananemusicale.fr\/wp-content\/uploads\/2024\/01\/IMG-20240106-WA0008.jpg);\n}\n#banner-709761835 .bg {\n  background-position: 56% 52%;\n}\n#banner-709761835 .ux-shape-divider--top svg {\n  height: 150px;\n  --divider-top-width: 100%;\n}\n#banner-709761835 .ux-shape-divider--bottom svg {\n  height: 150px;\n  --divider-width: 100%;\n}\n@media (min-width:550px) {\n  #banner-709761835 {\n    padding-top: 350px;\n  }\n}\n<\/style>\n  <\/div>\n\n\n\n\t\t<\/div>\n\t\t\t\t\t<\/div>\n\n\t\n\n\t<div id=\"col-1586559752\" class=\"col medium-12 small-12 large-6\"  >\n\t\t\t\t<div class=\"col-inner\"  >\n\t\t\t\n\t\t\t\n\n\t<div id=\"gap-181555412\" class=\"gap-element clearfix\" style=\"display:block; height:auto;\">\n\t\t\n<style>\n#gap-181555412 {\n  padding-top: 20px;\n}\n@media (min-width:550px) {\n  #gap-181555412 {\n    padding-top: 30px;\n  }\n}\n<\/style>\n\t<\/div>\n\t\n\n<h2>Nicolas Gratiot<\/h2>\n<p><strong><span style=\"color: #838383; font-family: helvetica, arial, sans-serif;\">Directeur<\/span><\/strong><\/p>\n<p>Il s&rsquo;occupe de diriger l&rsquo;association et des 2 troupes. Son travail inclus la cr\u00e9ation des spectacles, la gestion des diff\u00e9rentes \u00e9quipes et des diff\u00e9rents p\u00f4les de travail (d\u00e9cor, costume, budget, danse, etc).<\/p>\n\n\t\t<\/div>\n\t\t\t\t\n<style>\n#col-1586559752 > .col-inner {\n  padding: 10px 10% 10px 10%;\n}\n@media (min-width:550px) {\n  #col-1586559752 > .col-inner {\n    padding: 30px 10% 30px 10%;\n  }\n}\n@media (min-width:850px) {\n  #col-1586559752 > .col-inner {\n    padding: 0px 10% 0px 10%;\n  }\n}\n<\/style>\n\t<\/div>\n\n\t\n\n<\/div>\n\n\t\t<\/div>\n\t\t\t\t\t<\/div>\n\n\t\n\n\n<style>\n#row-92408472 > .col > .col-inner {\n  background-color: rgb(255, 255, 255);\n}\n<\/style>\n<\/div>\n<div class=\"row\"  id=\"row-2048277090\">\n\n\n\t<div id=\"col-933429833\" class=\"col small-12 large-12\"  >\n\t\t\t\t<div class=\"col-inner\"  >\n\t\t\t\n\t\t\t\n\n<div class=\"row row-collapse align-middle\"  id=\"row-1142397453\">\n\n\n\t<div id=\"col-1273257574\" class=\"col medium-12 small-12 large-6\"  >\n\t\t\t\t<div class=\"col-inner\"  >\n\t\t\t\n\t\t\t\n\n\n  <div class=\"banner has-hover\" id=\"banner-88719226\">\n          <div class=\"banner-inner fill\">\n        <div class=\"banner-bg fill\" >\n            <div class=\"bg fill bg-fill \"><\/div>\n                                    \n                    <\/div>\n\t\t\n        <div class=\"banner-layers container\">\n            <div class=\"fill banner-link\"><\/div>            \n\n\n        <\/div>\n      <\/div>\n\n            \n<style>\n#banner-88719226 {\n  padding-top: 200px;\n  background-color: rgba(255, 255, 255, 0);\n}\n#banner-88719226 .bg.bg-loaded {\n  background-image: url(https:\/\/labananemusicale.fr\/wp-content\/uploads\/2025\/08\/ana-cristina-576x1024.jpg);\n}\n#banner-88719226 .bg {\n  background-position: 59% 8%;\n}\n#banner-88719226 .ux-shape-divider--top svg {\n  height: 150px;\n  --divider-top-width: 100%;\n}\n#banner-88719226 .ux-shape-divider--bottom svg {\n  height: 150px;\n  --divider-width: 100%;\n}\n@media (min-width:550px) {\n  #banner-88719226 {\n    padding-top: 350px;\n  }\n}\n<\/style>\n  <\/div>\n\n\n\n\t\t<\/div>\n\t\t\t\t\t<\/div>\n\n\t\n\n\t<div id=\"col-1918004985\" class=\"col medium-12 small-12 large-6\"  >\n\t\t\t\t<div class=\"col-inner\"  >\n\t\t\t\n\t\t\t\n\n\t<div id=\"gap-1805082777\" class=\"gap-element clearfix\" style=\"display:block; height:auto;\">\n\t\t\n<style>\n#gap-1805082777 {\n  padding-top: 20px;\n}\n@media (min-width:550px) {\n  #gap-1805082777 {\n    padding-top: 30px;\n  }\n}\n<\/style>\n\t<\/div>\n\t\n\n<h2>Ana Cristina Pires Vaz<\/h2>\n<p><strong><span style=\"color: #838383; font-family: helvetica, arial, sans-serif;\">Pr\u00e9sidente et cheffe de projet The Golden Art<\/span><\/strong><\/p>\n<p>Ana Cristina repr\u00e9sente l&rsquo;association en qualit\u00e9 de pr\u00e9sidente. Elle est \u00e9galement la cr\u00e9atrice et la responsable du projet \u00ab\u00a0The Golden Art\u00a0\u00bb qui a rejoint l&rsquo;association sur l&rsquo;ann\u00e9e 2024-25.<\/p>\n\n\t\t<\/div>\n\t\t\t\t\n<style>\n#col-1918004985 > .col-inner {\n  padding: 10px 10% 10px 10%;\n}\n@media (min-width:550px) {\n  #col-1918004985 > .col-inner {\n    padding: 30px 10% 30px 10%;\n  }\n}\n@media (min-width:850px) {\n  #col-1918004985 > .col-inner {\n    padding: 0px 10% 0px 10%;\n  }\n}\n<\/style>\n\t<\/div>\n\n\t\n\n<\/div>\n\n\t\t<\/div>\n\t\t\t\t\t<\/div>\n\n\t\n\n\n<style>\n#row-2048277090 > .col > .col-inner {\n  background-color: rgb(255, 255, 255);\n}\n<\/style>\n<\/div>\n<div class=\"row\"  id=\"row-237475305\">\n\n\n\t<div id=\"col-394827910\" class=\"col small-12 large-12\"  >\n\t\t\t\t<div class=\"col-inner\"  >\n\t\t\t\n\t\t\t\n\n<div class=\"row row-collapse align-middle\"  id=\"row-779308296\">\n\n\n\t<div id=\"col-122977506\" class=\"col medium-12 small-12 large-6\"  >\n\t\t\t\t<div class=\"col-inner\"  >\n\t\t\t\n\t\t\t\n\n\n  <div class=\"banner has-hover\" id=\"banner-267569142\">\n          <div class=\"banner-inner fill\">\n        <div class=\"banner-bg fill\" >\n            <div class=\"bg fill bg-fill \"><\/div>\n                                    \n                    <\/div>\n\t\t\n        <div class=\"banner-layers container\">\n            <div class=\"fill banner-link\"><\/div>            \n\n\n        <\/div>\n      <\/div>\n\n            \n<style>\n#banner-267569142 {\n  padding-top: 200px;\n  background-color: rgba(255, 255, 255, 0);\n}\n#banner-267569142 .bg.bg-loaded {\n  background-image: url(https:\/\/labananemusicale.fr\/wp-content\/uploads\/2025\/08\/1000194799.jpg);\n}\n#banner-267569142 .bg {\n  background-position: 64% 12%;\n}\n#banner-267569142 .ux-shape-divider--top svg {\n  height: 150px;\n  --divider-top-width: 100%;\n}\n#banner-267569142 .ux-shape-divider--bottom svg {\n  height: 150px;\n  --divider-width: 100%;\n}\n@media (min-width:550px) {\n  #banner-267569142 {\n    padding-top: 350px;\n  }\n}\n<\/style>\n  <\/div>\n\n\n\n\t\t<\/div>\n\t\t\t\t\t<\/div>\n\n\t\n\n\t<div id=\"col-811553889\" class=\"col medium-12 small-12 large-6\"  >\n\t\t\t\t<div class=\"col-inner\"  >\n\t\t\t\n\t\t\t\n\n\t<div id=\"gap-1449661000\" class=\"gap-element clearfix\" style=\"display:block; height:auto;\">\n\t\t\n<style>\n#gap-1449661000 {\n  padding-top: 20px;\n}\n@media (min-width:550px) {\n  #gap-1449661000 {\n    padding-top: 30px;\n  }\n}\n<\/style>\n\t<\/div>\n\t\n\n<h2>Mathilde Moigno<\/h2>\n<p><strong><span style=\"color: #838383; font-family: helvetica, arial, sans-serif;\">Cheffe de projet Mini Banane<\/span><\/strong><\/p>\n<p>Mathilde est responsable du projet de la Mini Banane. Elle est donc en charge de la bonne tenure des cours \u00e9tudiants tout en cr\u00e9ant le spectacle avec notre \u00e9quipe.\u00a0<\/p>\n\n\t\t<\/div>\n\t\t\t\t\n<style>\n#col-811553889 > .col-inner {\n  padding: 10px 10% 10px 10%;\n}\n@media (min-width:550px) {\n  #col-811553889 > .col-inner {\n    padding: 30px 10% 30px 10%;\n  }\n}\n@media (min-width:850px) {\n  #col-811553889 > .col-inner {\n    padding: 0px 10% 0px 10%;\n  }\n}\n<\/style>\n\t<\/div>\n\n\t\n\n<\/div>\n\n\t\t<\/div>\n\t\t\t\t\t<\/div>\n\n\t\n\n\n<style>\n#row-237475305 > .col > .col-inner {\n  background-color: rgb(255, 255, 255);\n}\n<\/style>\n<\/div>\n<div class=\"row\"  id=\"row-2101761067\">\n\n\n\t<div id=\"col-903383380\" class=\"col small-12 large-12\"  >\n\t\t\t\t<div class=\"col-inner\"  >\n\t\t\t\n\t\t\t\n\n<div class=\"row row-collapse align-middle\"  id=\"row-893299910\">\n\n\n\t<div id=\"col-1445081098\" class=\"col medium-12 small-12 large-6\"  >\n\t\t\t\t<div class=\"col-inner\"  >\n\t\t\t\n\t\t\t\n\n\n  <div class=\"banner has-hover\" id=\"banner-1450370732\">\n          <div class=\"banner-inner fill\">\n        <div class=\"banner-bg fill\" >\n            <div class=\"bg fill bg-fill \"><\/div>\n                                    \n                    <\/div>\n\t\t\n        <div class=\"banner-layers container\">\n            <div class=\"fill banner-link\"><\/div>            \n\n\n        <\/div>\n      <\/div>\n\n            \n<style>\n#banner-1450370732 {\n  padding-top: 200px;\n  background-color: rgba(255, 255, 255, 0);\n}\n#banner-1450370732 .bg.bg-loaded {\n  background-image: url(https:\/\/labananemusicale.fr\/wp-content\/uploads\/2024\/01\/20240127_175700-961x1024.jpg);\n}\n#banner-1450370732 .bg {\n  background-position: 53% 79%;\n}\n#banner-1450370732 .ux-shape-divider--top svg {\n  height: 150px;\n  --divider-top-width: 100%;\n}\n#banner-1450370732 .ux-shape-divider--bottom svg {\n  height: 150px;\n  --divider-width: 100%;\n}\n@media (min-width:550px) {\n  #banner-1450370732 {\n    padding-top: 350px;\n  }\n}\n<\/style>\n  <\/div>\n\n\n\n\t\t<\/div>\n\t\t\t\t\t<\/div>\n\n\t\n\n\t<div id=\"col-167216751\" class=\"col medium-12 small-12 large-6\"  >\n\t\t\t\t<div class=\"col-inner\"  >\n\t\t\t\n\t\t\t\n\n\t<div id=\"gap-653757495\" class=\"gap-element clearfix\" style=\"display:block; height:auto;\">\n\t\t\n<style>\n#gap-653757495 {\n  padding-top: 20px;\n}\n@media (min-width:550px) {\n  #gap-653757495 {\n    padding-top: 30px;\n  }\n}\n<\/style>\n\t<\/div>\n\t\n\n<h2>Louis Kieger<\/h2>\n<p><strong><span style=\"color: #838383; font-family: helvetica, arial, sans-serif;\">Tr\u00e9sorier et technicien son<\/span><\/strong><\/p>\n<p>Tr\u00e9sorier de l&rsquo;association, Louis est \u00e9galement en charge de la qualit\u00e9 sonore c&rsquo;est-\u00e0-dire de la qualit\u00e9 des pistes audios, de l&rsquo;amplification des voix, de la r\u00e9gie son ainsi que du mixage audio lors d&rsquo;enregistrements. Il s&rsquo;occupe aussi de la gestion vocale de la Mini Banane et compose les arrangements de voix.<\/p>\n\n\t\t<\/div>\n\t\t\t\t\n<style>\n#col-167216751 > .col-inner {\n  padding: 10px 10% 10px 10%;\n}\n@media (min-width:550px) {\n  #col-167216751 > .col-inner {\n    padding: 30px 10% 30px 10%;\n  }\n}\n@media (min-width:850px) {\n  #col-167216751 > .col-inner {\n    padding: 0px 10% 0px 10%;\n  }\n}\n<\/style>\n\t<\/div>\n\n\t\n\n<\/div>\n\n\t\t<\/div>\n\t\t\t\t\t<\/div>\n\n\t\n\n\n<style>\n#row-2101761067 > .col > .col-inner {\n  background-color: rgb(255, 255, 255);\n}\n<\/style>\n<\/div>\n<div class=\"row\"  id=\"row-185198962\">\n\n\n\t<div id=\"col-1118244424\" class=\"col small-12 large-12\"  >\n\t\t\t\t<div class=\"col-inner\"  >\n\t\t\t\n\t\t\t\n\n<div class=\"row row-collapse align-middle\"  id=\"row-843783660\">\n\n\n\t<div id=\"col-871415571\" class=\"col medium-12 small-12 large-6\"  >\n\t\t\t\t<div class=\"col-inner\"  >\n\t\t\t\n\t\t\t\n\n\n  <div class=\"banner has-hover\" id=\"banner-932696047\">\n          <div class=\"banner-inner fill\">\n        <div class=\"banner-bg fill\" >\n            <div class=\"bg fill bg-fill \"><\/div>\n                                    \n                    <\/div>\n\t\t\n        <div class=\"banner-layers container\">\n            <div class=\"fill banner-link\"><\/div>            \n\n\n        <\/div>\n      <\/div>\n\n            \n<style>\n#banner-932696047 {\n  padding-top: 200px;\n  background-color: rgba(255, 255, 255, 0);\n}\n#banner-932696047 .bg.bg-loaded {\n  background-image: url(https:\/\/labananemusicale.fr\/wp-content\/uploads\/2024\/01\/IMG-20240106-WA0010.jpg);\n}\n#banner-932696047 .bg {\n  background-position: 58% 42%;\n}\n#banner-932696047 .ux-shape-divider--top svg {\n  height: 150px;\n  --divider-top-width: 100%;\n}\n#banner-932696047 .ux-shape-divider--bottom svg {\n  height: 150px;\n  --divider-width: 100%;\n}\n@media (min-width:550px) {\n  #banner-932696047 {\n    padding-top: 350px;\n  }\n}\n<\/style>\n  <\/div>\n\n\n\n\t\t<\/div>\n\t\t\t\t\t<\/div>\n\n\t\n\n\t<div id=\"col-1187307966\" class=\"col medium-12 small-12 large-6\"  >\n\t\t\t\t<div class=\"col-inner\"  >\n\t\t\t\n\t\t\t\n\n\t<div id=\"gap-142568359\" class=\"gap-element clearfix\" style=\"display:block; height:auto;\">\n\t\t\n<style>\n#gap-142568359 {\n  padding-top: 20px;\n}\n@media (min-width:550px) {\n  #gap-142568359 {\n    padding-top: 30px;\n  }\n}\n<\/style>\n\t<\/div>\n\t\n\n<h2>Alexane Giroux<\/h2>\n<p><strong><span style=\"color: #838383; font-family: helvetica, arial, sans-serif;\">Graphiste<\/span><\/strong><\/p>\n<p>Alexane s&rsquo;occupe de l&rsquo;image graphique de l&rsquo;association en cr\u00e9ant les diff\u00e9rents affiches, tracts pour les spectacles. Elle est aussi cr\u00e9atrice de spectacle et paroli\u00e8re. <\/p>\n\n\t\t<\/div>\n\t\t\t\t\n<style>\n#col-1187307966 > .col-inner {\n  padding: 10px 10% 10px 10%;\n}\n@media (min-width:550px) {\n  #col-1187307966 > .col-inner {\n    padding: 30px 10% 30px 10%;\n  }\n}\n@media (min-width:850px) {\n  #col-1187307966 > .col-inner {\n    padding: 0px 10% 0px 10%;\n  }\n}\n<\/style>\n\t<\/div>\n\n\t\n\n<\/div>\n\n\t\t<\/div>\n\t\t\t\t\t<\/div>\n\n\t\n\n\n<style>\n#row-185198962 > .col > .col-inner {\n  background-color: rgb(255, 255, 255);\n}\n<\/style>\n<\/div>\n<div class=\"row\"  id=\"row-221696376\">\n\n\n\t<div id=\"col-94404117\" class=\"col small-12 large-12\"  >\n\t\t\t\t<div class=\"col-inner\"  >\n\t\t\t\n\t\t\t\n\n<div class=\"row row-collapse align-middle\"  id=\"row-880706762\">\n\n\n\t<div id=\"col-504223101\" class=\"col medium-12 small-12 large-6\"  >\n\t\t\t\t<div class=\"col-inner\"  >\n\t\t\t\n\t\t\t\n\n\n  <div class=\"banner has-hover\" id=\"banner-1928137784\">\n          <div class=\"banner-inner fill\">\n        <div class=\"banner-bg fill\" >\n            <div class=\"bg fill bg-fill \"><\/div>\n                                    \n                    <\/div>\n\t\t\n        <div class=\"banner-layers container\">\n            <div class=\"fill banner-link\"><\/div>            \n\n\n        <\/div>\n      <\/div>\n\n            \n<style>\n#banner-1928137784 {\n  padding-top: 200px;\n  background-color: rgba(255, 255, 255, 0);\n}\n#banner-1928137784 .bg.bg-loaded {\n  background-image: url(https:\/\/labananemusicale.fr\/wp-content\/uploads\/2024\/01\/IMG-20240106-WA0011.jpg);\n}\n#banner-1928137784 .bg {\n  background-position: 51% 46%;\n}\n#banner-1928137784 .ux-shape-divider--top svg {\n  height: 150px;\n  --divider-top-width: 100%;\n}\n#banner-1928137784 .ux-shape-divider--bottom svg {\n  height: 150px;\n  --divider-width: 100%;\n}\n@media (min-width:550px) {\n  #banner-1928137784 {\n    padding-top: 350px;\n  }\n}\n<\/style>\n  <\/div>\n\n\n\n\t\t<\/div>\n\t\t\t\t\t<\/div>\n\n\t\n\n\t<div id=\"col-914329263\" class=\"col medium-12 small-12 large-6\"  >\n\t\t\t\t<div class=\"col-inner\"  >\n\t\t\t\n\t\t\t\n\n\t<div id=\"gap-639813530\" class=\"gap-element clearfix\" style=\"display:block; height:auto;\">\n\t\t\n<style>\n#gap-639813530 {\n  padding-top: 20px;\n}\n@media (min-width:550px) {\n  #gap-639813530 {\n    padding-top: 30px;\n  }\n}\n<\/style>\n\t<\/div>\n\t\n\n<h2>Angie Bobbio<\/h2>\n<p><strong><span style=\"color: #838383; font-family: helvetica, arial, sans-serif;\">Responsable communication<\/span><\/strong><\/p>\n<p>Angie se charge de la communication notamment sur Instagram en postant photos et montage vid\u00e9os. Elle est aussi chor\u00e9graphe et cr\u00e9atrice de spectacle et metteuse en sc\u00e8ne.<\/p>\n\n\t\t<\/div>\n\t\t\t\t\n<style>\n#col-914329263 > .col-inner {\n  padding: 10px 10% 10px 10%;\n}\n@media (min-width:550px) {\n  #col-914329263 > .col-inner {\n    padding: 30px 10% 30px 10%;\n  }\n}\n@media (min-width:850px) {\n  #col-914329263 > .col-inner {\n    padding: 0px 10% 0px 10%;\n  }\n}\n<\/style>\n\t<\/div>\n\n\t\n\n<\/div>\n\n\t\t<\/div>\n\t\t\t\t\t<\/div>\n\n\t\n\n\n<style>\n#row-221696376 > .col > .col-inner {\n  background-color: rgb(255, 255, 255);\n}\n<\/style>\n<\/div>\n<div class=\"row\"  id=\"row-1384995028\">\n\n\n\t<div id=\"col-282547051\" class=\"col small-12 large-12\"  >\n\t\t\t\t<div class=\"col-inner\"  >\n\t\t\t\n\t\t\t\n\n<div class=\"row row-collapse align-middle\"  id=\"row-1362073455\">\n\n\n\t<div id=\"col-1112959134\" class=\"col medium-12 small-12 large-6\"  >\n\t\t\t\t<div class=\"col-inner\"  >\n\t\t\t\n\t\t\t\n\n\n  <div class=\"banner has-hover\" id=\"banner-569053956\">\n          <div class=\"banner-inner fill\">\n        <div class=\"banner-bg fill\" >\n            <div class=\"bg fill bg-fill \"><\/div>\n                                    \n                    <\/div>\n\t\t\n        <div class=\"banner-layers container\">\n            <div class=\"fill banner-link\"><\/div>            \n\n\n        <\/div>\n      <\/div>\n\n            \n<style>\n#banner-569053956 {\n  padding-top: 200px;\n  background-color: rgba(255, 255, 255, 0);\n}\n#banner-569053956 .bg.bg-loaded {\n  background-image: url(https:\/\/labananemusicale.fr\/wp-content\/uploads\/2024\/01\/IMG-20240106-WA0012-576x1024.jpg);\n}\n#banner-569053956 .bg {\n  background-position: 58% 44%;\n}\n#banner-569053956 .ux-shape-divider--top svg {\n  height: 150px;\n  --divider-top-width: 100%;\n}\n#banner-569053956 .ux-shape-divider--bottom svg {\n  height: 150px;\n  --divider-width: 100%;\n}\n@media (min-width:550px) {\n  #banner-569053956 {\n    padding-top: 350px;\n  }\n}\n<\/style>\n  <\/div>\n\n\n\n\t\t<\/div>\n\t\t\t\t\t<\/div>\n\n\t\n\n\t<div id=\"col-1068288537\" class=\"col medium-12 small-12 large-6\"  >\n\t\t\t\t<div class=\"col-inner\"  >\n\t\t\t\n\t\t\t\n\n\t<div id=\"gap-1774922258\" class=\"gap-element clearfix\" style=\"display:block; height:auto;\">\n\t\t\n<style>\n#gap-1774922258 {\n  padding-top: 20px;\n}\n@media (min-width:550px) {\n  #gap-1774922258 {\n    padding-top: 30px;\n  }\n}\n<\/style>\n\t<\/div>\n\t\n\n<h2>Laura Villavicencio<\/h2>\n<p><strong><span style=\"color: #838383; font-family: helvetica, arial, sans-serif;\">Administratrice<\/span><\/strong><\/p>\n<p>Elle assiste Angie en com en s&rsquo;occupant de la cha\u00eene TikTok et anime les r\u00e9p\u00e9titions de la Mini Banane en proposant des ateliers de chant et de coh\u00e9sion de groupe.<\/p>\n\n\t\t<\/div>\n\t\t\t\t\n<style>\n#col-1068288537 > .col-inner {\n  padding: 10px 10% 10px 10%;\n}\n@media (min-width:550px) {\n  #col-1068288537 > .col-inner {\n    padding: 30px 10% 30px 10%;\n  }\n}\n@media (min-width:850px) {\n  #col-1068288537 > .col-inner {\n    padding: 0px 10% 0px 10%;\n  }\n}\n<\/style>\n\t<\/div>\n\n\t\n\n<\/div>\n\n\t\t<\/div>\n\t\t\t\t\t<\/div>\n\n\t\n\n\n<style>\n#row-1384995028 > .col > .col-inner {\n  background-color: rgb(255, 255, 255);\n}\n<\/style>\n<\/div>\n<div class=\"row\"  id=\"row-468738147\">\n\n\n\t<div id=\"col-934798178\" class=\"col small-12 large-12\"  >\n\t\t\t\t<div class=\"col-inner\"  >\n\t\t\t\n\t\t\t\n\n<div class=\"row row-collapse align-middle\"  id=\"row-1715184739\">\n\n\n\t<div id=\"col-1963652729\" class=\"col medium-12 small-12 large-6\"  >\n\t\t\t\t<div class=\"col-inner\"  >\n\t\t\t\n\t\t\t\n\n\n  <div class=\"banner has-hover\" id=\"banner-1866524326\">\n          <div class=\"banner-inner fill\">\n        <div class=\"banner-bg fill\" >\n            <div class=\"bg fill bg-fill \"><\/div>\n                                    \n                    <\/div>\n\t\t\n        <div class=\"banner-layers container\">\n            <div class=\"fill banner-link\"><\/div>            \n\n\n        <\/div>\n      <\/div>\n\n            \n<style>\n#banner-1866524326 {\n  padding-top: 200px;\n  background-color: rgba(255, 255, 255, 0);\n}\n#banner-1866524326 .bg.bg-loaded {\n  background-image: url(https:\/\/labananemusicale.fr\/wp-content\/uploads\/2024\/01\/IMG-20240106-WA0013.jpg);\n}\n#banner-1866524326 .bg {\n  background-position: 52% 41%;\n}\n#banner-1866524326 .ux-shape-divider--top svg {\n  height: 150px;\n  --divider-top-width: 100%;\n}\n#banner-1866524326 .ux-shape-divider--bottom svg {\n  height: 150px;\n  --divider-width: 100%;\n}\n@media (min-width:550px) {\n  #banner-1866524326 {\n    padding-top: 350px;\n  }\n}\n<\/style>\n  <\/div>\n\n\n\n\t\t<\/div>\n\t\t\t\t\t<\/div>\n\n\t\n\n\t<div id=\"col-1984834536\" class=\"col medium-12 small-12 large-6\"  >\n\t\t\t\t<div class=\"col-inner\"  >\n\t\t\t\n\t\t\t\n\n\t<div id=\"gap-15740734\" class=\"gap-element clearfix\" style=\"display:block; height:auto;\">\n\t\t\n<style>\n#gap-15740734 {\n  padding-top: 20px;\n}\n@media (min-width:550px) {\n  #gap-15740734 {\n    padding-top: 30px;\n  }\n}\n<\/style>\n\t<\/div>\n\t\n\n<h2>Christopher Fafournoux<\/h2>\n<p><strong><span style=\"color: #838383; font-family: helvetica, arial, sans-serif;\">Technicien image<\/span><\/strong><\/p>\n<p>Christopher s\u00a0\u00bboccupe des m\u00e9dias officielles de l&rsquo;association en r\u00e9alisant les diff\u00e9rents clips\/vid\u00e9os et en photographiant les portraits des artistes.<\/p>\n\n\t\t<\/div>\n\t\t\t\t\n<style>\n#col-1984834536 > .col-inner {\n  padding: 10px 10% 10px 10%;\n}\n@media (min-width:550px) {\n  #col-1984834536 > .col-inner {\n    padding: 30px 10% 30px 10%;\n  }\n}\n@media (min-width:850px) {\n  #col-1984834536 > .col-inner {\n    padding: 0px 10% 0px 10%;\n  }\n}\n<\/style>\n\t<\/div>\n\n\t\n\n<\/div>\n\n\t\t<\/div>\n\t\t\t\t\t<\/div>\n\n\t\n\n\n<style>\n#row-468738147 > .col > .col-inner {\n  background-color: rgb(255, 255, 255);\n}\n<\/style>\n<\/div>\n<div class=\"row\"  id=\"row-509082286\">\n\n\n\t<div id=\"col-1136414319\" class=\"col small-12 large-12\"  >\n\t\t\t\t<div class=\"col-inner\"  >\n\t\t\t\n\t\t\t\n\n<div class=\"row row-collapse align-middle\"  id=\"row-261170648\">\n\n\n\t<div id=\"col-1356754252\" class=\"col medium-12 small-12 large-6\"  >\n\t\t\t\t<div class=\"col-inner\"  >\n\t\t\t\n\t\t\t\n\n\n  <div class=\"banner has-hover\" id=\"banner-1607100460\">\n          <div class=\"banner-inner fill\">\n        <div class=\"banner-bg fill\" >\n            <div class=\"bg fill bg-fill \"><\/div>\n                                    \n                    <\/div>\n\t\t\n        <div class=\"banner-layers container\">\n            <div class=\"fill banner-link\"><\/div>            \n\n\n        <\/div>\n      <\/div>\n\n            \n<style>\n#banner-1607100460 {\n  padding-top: 200px;\n  background-color: rgba(255, 255, 255, 0);\n}\n#banner-1607100460 .bg.bg-loaded {\n  background-image: url(https:\/\/labananemusicale.fr\/wp-content\/uploads\/2024\/01\/IMG-20240106-WA0009.jpg);\n}\n#banner-1607100460 .bg {\n  background-position: 49% 48%;\n}\n#banner-1607100460 .ux-shape-divider--top svg {\n  height: 150px;\n  --divider-top-width: 100%;\n}\n#banner-1607100460 .ux-shape-divider--bottom svg {\n  height: 150px;\n  --divider-width: 100%;\n}\n@media (min-width:550px) {\n  #banner-1607100460 {\n    padding-top: 350px;\n  }\n}\n<\/style>\n  <\/div>\n\n\n\n\t\t<\/div>\n\t\t\t\t\t<\/div>\n\n\t\n\n\t<div id=\"col-580326544\" class=\"col medium-12 small-12 large-6\"  >\n\t\t\t\t<div class=\"col-inner\"  >\n\t\t\t\n\t\t\t\n\n\t<div id=\"gap-109371572\" class=\"gap-element clearfix\" style=\"display:block; height:auto;\">\n\t\t\n<style>\n#gap-109371572 {\n  padding-top: 20px;\n}\n@media (min-width:550px) {\n  #gap-109371572 {\n    padding-top: 30px;\n  }\n}\n<\/style>\n\t<\/div>\n\t\n\n<h2>Carla Puyo<\/h2>\n<p><strong><span style=\"color: #838383; font-family: helvetica, arial, sans-serif;\">Administrative<\/span><\/strong><\/p>\n<p>Elle se charge de l&rsquo;administration, des dossiers et aide \u00e0 la communication. Elle s&rsquo;occupe aussi de coacher et conseiller les artistes dans leurs solos (interpr\u00e9tation, techniques vocales, etc).<\/p>\n\n\t\t<\/div>\n\t\t\t\t\n<style>\n#col-580326544 > .col-inner {\n  padding: 10px 10% 10px 10%;\n}\n@media (min-width:550px) {\n  #col-580326544 > .col-inner {\n    padding: 30px 10% 30px 10%;\n  }\n}\n@media (min-width:850px) {\n  #col-580326544 > .col-inner {\n    padding: 0px 10% 0px 10%;\n  }\n}\n<\/style>\n\t<\/div>\n\n\t\n\n<\/div>\n\n\t\t<\/div>\n\t\t\t\t\t<\/div>\n\n\t\n\n\n<style>\n#row-509082286 > .col > .col-inner {\n  background-color: rgb(255, 255, 255);\n}\n<\/style>\n<\/div>\n<div class=\"row\"  id=\"row-671856554\">\n\n\n\t<div id=\"col-666213509\" class=\"col small-12 large-12\"  >\n\t\t\t\t<div class=\"col-inner\"  >\n\t\t\t\n\t\t\t\n\n<div class=\"row row-collapse align-middle\"  id=\"row-54834096\">\n\n\n\t<div id=\"col-1165370456\" class=\"col medium-12 small-12 large-6\"  >\n\t\t\t\t<div class=\"col-inner\"  >\n\t\t\t\n\t\t\t\n\n\n  <div class=\"banner has-hover\" id=\"banner-146001004\">\n          <div class=\"banner-inner fill\">\n        <div class=\"banner-bg fill\" >\n            <div class=\"bg fill bg-fill \"><\/div>\n                                    \n                    <\/div>\n\t\t\n        <div class=\"banner-layers container\">\n            <div class=\"fill banner-link\"><\/div>            \n\n\n        <\/div>\n      <\/div>\n\n            \n<style>\n#banner-146001004 {\n  padding-top: 200px;\n  background-color: rgba(255, 255, 255, 0);\n}\n#banner-146001004 .bg.bg-loaded {\n  background-image: url(https:\/\/labananemusicale.fr\/wp-content\/uploads\/2025\/08\/1000096538.jpg);\n}\n#banner-146001004 .bg {\n  background-position: 56% 49%;\n}\n#banner-146001004 .ux-shape-divider--top svg {\n  height: 150px;\n  --divider-top-width: 100%;\n}\n#banner-146001004 .ux-shape-divider--bottom svg {\n  height: 150px;\n  --divider-width: 100%;\n}\n@media (min-width:550px) {\n  #banner-146001004 {\n    padding-top: 350px;\n  }\n}\n<\/style>\n  <\/div>\n\n\n\n\t\t<\/div>\n\t\t\t\t\t<\/div>\n\n\t\n\n\t<div id=\"col-1335482442\" class=\"col medium-12 small-12 large-6\"  >\n\t\t\t\t<div class=\"col-inner\"  >\n\t\t\t\n\t\t\t\n\n\t<div id=\"gap-1729203224\" class=\"gap-element clearfix\" style=\"display:block; height:auto;\">\n\t\t\n<style>\n#gap-1729203224 {\n  padding-top: 20px;\n}\n@media (min-width:550px) {\n  #gap-1729203224 {\n    padding-top: 30px;\n  }\n}\n<\/style>\n\t<\/div>\n\t\n\n<h2>Manon Brunel<\/h2>\n<p><strong><span style=\"color: #838383; font-family: helvetica, arial, sans-serif;\">Secr\u00e9taire<\/span><\/strong><\/p>\n<p>En charge de l&rsquo;adresse mail, Manon fait le lien entre l&rsquo;association, nos partenaires et notre public. Elle organise les documents administratifs et fait le compte rendu de nos r\u00e9unions.<\/p>\n\n\t\t<\/div>\n\t\t\t\t\n<style>\n#col-1335482442 > .col-inner {\n  padding: 10px 10% 10px 10%;\n}\n@media (min-width:550px) {\n  #col-1335482442 > .col-inner {\n    padding: 30px 10% 30px 10%;\n  }\n}\n@media (min-width:850px) {\n  #col-1335482442 > .col-inner {\n    padding: 0px 10% 0px 10%;\n  }\n}\n<\/style>\n\t<\/div>\n\n\t\n\n<\/div>\n\n\t\t<\/div>\n\t\t\t\t\t<\/div>\n\n\t\n\n\n<style>\n#row-671856554 > .col > .col-inner {\n  background-color: rgb(255, 255, 255);\n}\n<\/style>\n<\/div>\n\n     <\/div>\n\n     <div class=\"loading-spin dark large centered\"><\/div>\n\n     \t<\/div>\n\n\n\n\t\t<\/div>\n\t\t\t\t\t<\/div>\n\n\t\n\n<\/div>\n\n\t\t<\/div>\n\n\t\t\n<style>\n#section_1551482304 {\n  padding-top: 40px;\n  padding-bottom: 40px;\n  background-color: rgb(64, 49, 0);\n}\n#section_1551482304 .ux-shape-divider--top svg {\n  height: 150px;\n  --divider-top-width: 100%;\n}\n#section_1551482304 .ux-shape-divider--bottom svg {\n  height: 150px;\n  --divider-width: 100%;\n}\n@media (min-width:850px) {\n  #section_1551482304 {\n    padding-top: 5px;\n    padding-bottom: 5px;\n  }\n}\n<\/style>\n\t<\/section>\n\t\n\n","protected":false},"excerpt":{"rendered":"","protected":false},"author":1,"featured_media":0,"parent":0,"menu_order":0,"comment_status":"closed","ping_status":"closed","template":"","meta":{"_monsterinsights_skip_tracking":false,"_monsterinsights_sitenote_active":false,"_monsterinsights_sitenote_note":"","_monsterinsights_sitenote_category":0,"footnotes":""},"class_list":["post-17","page","type-page","status-publish","hentry"],"aioseo_notices":[],"_links":{"self":[{"href":"https:\/\/labananemusicale.fr\/index.php\/wp-json\/wp\/v2\/pages\/17","targetHints":{"allow":["GET"]}}],"collection":[{"href":"https:\/\/labananemusicale.fr\/index.php\/wp-json\/wp\/v2\/pages"}],"about":[{"href":"https:\/\/labananemusicale.fr\/index.php\/wp-json\/wp\/v2\/types\/page"}],"author":[{"embeddable":true,"href":"https:\/\/labananemusicale.fr\/index.php\/wp-json\/wp\/v2\/users\/1"}],"replies":[{"embeddable":true,"href":"https:\/\/labananemusicale.fr\/index.php\/wp-json\/wp\/v2\/comments?post=17"}],"version-history":[{"count":23,"href":"https:\/\/labananemusicale.fr\/index.php\/wp-json\/wp\/v2\/pages\/17\/revisions"}],"predecessor-version":[{"id":358,"href":"https:\/\/labananemusicale.fr\/index.php\/wp-json\/wp\/v2\/pages\/17\/revisions\/358"}],"wp:attachment":[{"href":"https:\/\/labananemusicale.fr\/index.php\/wp-json\/wp\/v2\/media?parent=17"}],"curies":[{"name":"wp","href":"https:\/\/api.w.org\/{rel}","templated":true}]}}