{"id":162,"date":"2024-01-05T23:43:39","date_gmt":"2024-01-05T22:43:39","guid":{"rendered":"https:\/\/labananemusicale.fr\/?page_id=162"},"modified":"2025-08-27T15:45:01","modified_gmt":"2025-08-27T13:45:01","slug":"les-choregraphes","status":"publish","type":"page","link":"https:\/\/labananemusicale.fr\/index.php\/les-choregraphes\/","title":{"rendered":"Les chor\u00e9graphes"},"content":{"rendered":"\n<div class=\"container section-title-container\" ><h3 class=\"section-title section-title-center\"><b><\/b><span class=\"section-title-main\" >les spectacles pr\u00e9c\u00e9dents de la mini banane<\/span><b><\/b><\/h3><\/div>\n\n<div class=\"row\"  id=\"row-828772704\">\n\n\n\t<div id=\"col-1288446234\" class=\"col medium-4 small-12 large-4\"  >\n\t\t\t\t<div class=\"col-inner\"  >\n\t\t\t\n\t\t\t\n\n\t<div class=\"box has-hover   has-hover box-text-bottom\" >\n\n\t\t<div class=\"box-image\" >\n\t\t\t\t\t\t<div class=\"\" >\n\t\t\t\t<img loading=\"lazy\" decoding=\"async\" width=\"487\" height=\"612\" src=\"https:\/\/labananemusicale.fr\/wp-content\/uploads\/2025\/08\/image_2025-08-27_153553477.png\" class=\"attachment- size-\" alt=\"\" srcset=\"https:\/\/labananemusicale.fr\/wp-content\/uploads\/2025\/08\/image_2025-08-27_153553477.png 487w, https:\/\/labananemusicale.fr\/wp-content\/uploads\/2025\/08\/image_2025-08-27_153553477-239x300.png 239w\" sizes=\"auto, (max-width: 487px) 100vw, 487px\" \/>\t\t\t\t\t\t\t\t\t\t\t<\/div>\n\t\t\t\t\t<\/div>\n\n\t\t<div class=\"box-text text-center\" >\n\t\t\t<div class=\"box-text-inner\">\n\t\t\t\t\n\n<h3><strong><span style=\"color: #00aae7;\">Saison 2024-25<\/span><\/strong><\/h3>\n<h3 class=\"uppercase\"><span style=\"color: #282828; font-size: 100%;\"><strong>16 participants dont nos deux cr\u00e9ateur.rice.S<\/strong><\/span><\/h3>\n<p>\u00a0<\/p>\n<p><span style=\"color: #282828; font-size: 100%;\">\u00c9t\u00e9 1930, une assembl\u00e9e d&rsquo;invit\u00e9s se pr\u00e9pare au somptueux mariage d&rsquo;Oc\u00e9ane et Rapha\u00ebl sur l&rsquo;\u00eele Sainte Marguerite. Dans une atmosph\u00e8re loufoque et absurde, les convives se laissent griser par la f\u00eate.<\/span><\/p>\n<p>\u00a0<\/p>\n<p><span style=\"color: #282828; font-size: 100%;\">Mais les apparentes r\u00e9jouissances ne sauraient masquer le parfum de ranc\u0153ur dans l&rsquo;air. L&rsquo;\u00eele qui, autrefois, gardait en exil le fameux homme au masque de fer, s&rsquo;appr\u00eate \u00e0 \u00eatre t\u00e9moin de nouveaux sombres myst\u00e8res.<\/span><\/p>\n\n\t\t\t<\/div>\n\t\t<\/div>\n\t<\/div>\n\t\n\n\t\t<\/div>\n\t\t\t\t\t<\/div>\n\n\t\n\n\t<div id=\"col-8312985\" class=\"col medium-4 small-12 large-4\"  >\n\t\t\t\t<div class=\"col-inner\"  >\n\t\t\t\n\t\t\t\n\n<p>Les archives sont en cours de cr\u00e9ation. Merci pour votre compr\u00e9hension \ud83d\ude42 Vous pouvez tout retrouver sur notre instagram !<\/p>\n\n\t\t<\/div>\n\t\t\t\t\t<\/div>\n\n\t\n\n\t<div id=\"col-55696047\" class=\"col medium-4 small-12 large-4\"  >\n\t\t\t\t<div class=\"col-inner\"  >\n\t\t\t\n\t\t\t\n\n\n\t\t<\/div>\n\t\t\t\t\t<\/div>\n\n\t\n\n<\/div>\n\n","protected":false},"excerpt":{"rendered":"","protected":false},"author":1,"featured_media":0,"parent":0,"menu_order":0,"comment_status":"closed","ping_status":"closed","template":"","meta":{"_monsterinsights_skip_tracking":false,"_monsterinsights_sitenote_active":false,"_monsterinsights_sitenote_note":"","_monsterinsights_sitenote_category":0,"footnotes":""},"class_list":["post-162","page","type-page","status-publish","hentry"],"aioseo_notices":[],"_links":{"self":[{"href":"https:\/\/labananemusicale.fr\/index.php\/wp-json\/wp\/v2\/pages\/162","targetHints":{"allow":["GET"]}}],"collection":[{"href":"https:\/\/labananemusicale.fr\/index.php\/wp-json\/wp\/v2\/pages"}],"about":[{"href":"https:\/\/labananemusicale.fr\/index.php\/wp-json\/wp\/v2\/types\/page"}],"author":[{"embeddable":true,"href":"https:\/\/labananemusicale.fr\/index.php\/wp-json\/wp\/v2\/users\/1"}],"replies":[{"embeddable":true,"href":"https:\/\/labananemusicale.fr\/index.php\/wp-json\/wp\/v2\/comments?post=162"}],"version-history":[{"count":5,"href":"https:\/\/labananemusicale.fr\/index.php\/wp-json\/wp\/v2\/pages\/162\/revisions"}],"predecessor-version":[{"id":429,"href":"https:\/\/labananemusicale.fr\/index.php\/wp-json\/wp\/v2\/pages\/162\/revisions\/429"}],"wp:attachment":[{"href":"https:\/\/labananemusicale.fr\/index.php\/wp-json\/wp\/v2\/media?parent=162"}],"curies":[{"name":"wp","href":"https:\/\/api.w.org\/{rel}","templated":true}]}}